{"id":934,"date":"2022-02-14T20:01:46","date_gmt":"2022-02-14T19:01:46","guid":{"rendered":"https:\/\/www.vitiligoliecba.sk\/privatsphaere\/"},"modified":"2024-04-07T21:06:46","modified_gmt":"2024-04-07T19:06:46","slug":"privatsphaere","status":"publish","type":"page","link":"https:\/\/www.vitiligoliecba.sk\/de\/privatsphaere\/","title":{"rendered":"Privatsph\u00e4re"},"content":{"rendered":"\t\t<div data-elementor-type=\"wp-post\" data-elementor-id=\"934\" class=\"elementor elementor-934 elementor-69\" data-elementor-post-type=\"page\">\n\t\t\t\t\t\t<section class=\"elementor-section elementor-top-section elementor-element elementor-element-b380373 elementor-section-height-min-height elementor-section-content-middle elementor-section-boxed elementor-section-height-default elementor-section-items-middle\" data-id=\"b380373\" data-element_type=\"section\" data-settings=\"{&quot;background_background&quot;:&quot;classic&quot;}\">\n\t\t\t\t\t\t\t<div class=\"elementor-background-overlay\"><\/div>\n\t\t\t\t\t\t\t<div class=\"elementor-container elementor-column-gap-default\">\n\t\t\t\t\t<div class=\"elementor-column elementor-col-100 elementor-top-column elementor-element elementor-element-3fd18ef\" data-id=\"3fd18ef\" data-element_type=\"column\">\n\t\t\t<div class=\"elementor-widget-wrap elementor-element-populated\">\n\t\t\t\t\t\t<div class=\"elementor-element elementor-element-643c3bd elementor-widget elementor-widget-spacer\" data-id=\"643c3bd\" data-element_type=\"widget\" data-widget_type=\"spacer.default\">\n\t\t\t\t<div class=\"elementor-widget-container\">\n\t\t\t\t\t<div class=\"elementor-spacer\">\n\t\t\t<div class=\"elementor-spacer-inner\"><\/div>\n\t\t<\/div>\n\t\t\t\t<\/div>\n\t\t\t\t<\/div>\n\t\t\t\t<div class=\"elementor-element elementor-element-fde1374 elementor-widget elementor-widget-heading\" data-id=\"fde1374\" data-element_type=\"widget\" data-widget_type=\"heading.default\">\n\t\t\t\t<div class=\"elementor-widget-container\">\n\t\t\t<h1 class=\"elementor-heading-title elementor-size-default\">Privatsph\u00e4re<\/h1>\t\t<\/div>\n\t\t\t\t<\/div>\n\t\t\t\t\t<\/div>\n\t\t<\/div>\n\t\t\t\t\t<\/div>\n\t\t<\/section>\n\t\t\t\t<section class=\"elementor-section elementor-top-section elementor-element elementor-element-8e52d8a elementor-section-boxed elementor-section-height-default elementor-section-height-default\" data-id=\"8e52d8a\" data-element_type=\"section\">\n\t\t\t\t\t\t<div class=\"elementor-container elementor-column-gap-default\">\n\t\t\t\t\t<div class=\"elementor-column elementor-col-100 elementor-top-column elementor-element elementor-element-7c3c868\" data-id=\"7c3c868\" data-element_type=\"column\">\n\t\t\t<div class=\"elementor-widget-wrap elementor-element-populated\">\n\t\t\t\t\t\t<div class=\"elementor-element elementor-element-8e808c6 elementor-widget elementor-widget-spacer\" data-id=\"8e808c6\" data-element_type=\"widget\" data-widget_type=\"spacer.default\">\n\t\t\t\t<div class=\"elementor-widget-container\">\n\t\t\t\t\t<div class=\"elementor-spacer\">\n\t\t\t<div class=\"elementor-spacer-inner\"><\/div>\n\t\t<\/div>\n\t\t\t\t<\/div>\n\t\t\t\t<\/div>\n\t\t\t\t<div class=\"elementor-element elementor-element-6d02b8c6 elementor-widget elementor-widget-text-editor\" data-id=\"6d02b8c6\" data-element_type=\"widget\" data-widget_type=\"text-editor.default\">\n\t\t\t\t<div class=\"elementor-widget-container\">\n\t\t\t\t\t\t\t<p>Diese Richtlinien zum Schutz personenbezogener Daten enthalten Informationen \u00fcber die Verarbeitung personenbezogener Daten der betroffenen Personen durch den Betreiber der Website (im Folgenden \u201e<strong><em>Betreiber<\/em><\/strong>\u201c genannt), und zwar auf der Website <a style=\"background-color: #ffffff;\" href=\"http:\/\/www.webify.sk\"><span style=\"color: #000000;\">www.vitiligoliecba.sk<\/span><\/a> oder im Profil des Unternehmens in sozialen Netzwerken Netzwerke (im Folgenden \u201e<strong><em>Website<\/em><\/strong>\u201c genannt). Wir verarbeiten alle personenbezogenen Daten gem\u00e4\u00df der Verordnung des Europ\u00e4ischen Parlaments und des Rates der EU Nr. 2016\/679 zum Schutz nat\u00fcrlicher Personen bei der Verarbeitung personenbezogener Daten und zum freien Datenverkehr, mit der die Richtlinie Nr. 95\/46\/EG (Datenschutz-Grundverordnung, im Folgenden \u201e<strong><em>DSGVO-Verordnung<\/em><\/strong>\u201c genannt) und gem\u00e4\u00df Gesetz Nr. 18\/2018 Z. z. zum Schutz personenbezogener Daten und zur \u00c4nderung bestimmter Gesetze (im Folgenden \u201eGesetz\u201c genannt) und anderer relevanter Vorschriften zum Schutz personenbezogener Daten.<\/p>\n\t\t\t\t\t\t<\/div>\n\t\t\t\t<\/div>\n\t\t\t\t<div class=\"elementor-element elementor-element-4415c154 elementor-widget elementor-widget-text-editor\" data-id=\"4415c154\" data-element_type=\"widget\" data-widget_type=\"text-editor.default\">\n\t\t\t\t<div class=\"elementor-widget-container\">\n\t\t\t\t\t\t\t<p>Ziel dieser Grunds\u00e4tze ist es, Ihnen Auskunft dar\u00fcber zu geben, zu welchem \u200b\u200bZweck Ihre personenbezogenen Daten verarbeitet werden, wie diese verarbeitet werden und welche Rechte und Pflichten Sie im Zusammenhang mit der Verarbeitung personenbezogener Daten haben. Diese Grunds\u00e4tze geben Ihnen auch weitere relevante Informationen \u00fcber die Verarbeitung Ihrer personenbezogenen Daten und stellen somit die Erf\u00fcllung der Informationspflicht des Betreibers gem\u00e4\u00df Art. 6 Abs. 1 DSGVO dar. 13 sowie gem\u00e4\u00df Art. 14 DSGVO Regelungen zur Verarbeitung personenbezogener Daten auf der Website. Die Bedingungen f\u00fcr die Verarbeitung personenbezogener Daten, die au\u00dferhalb der Website erfolgen, sind in den allgemeinen Grunds\u00e4tzen zum Schutz personenbezogener Daten des Betreibers und in anderen internen Vorschriften des Betreibers zum Schutz personenbezogener Daten geregelt.<\/p>\n\t\t\t\t\t\t<\/div>\n\t\t\t\t<\/div>\n\t\t\t\t<div class=\"elementor-element elementor-element-2523f1c3 elementor-widget elementor-widget-heading\" data-id=\"2523f1c3\" data-element_type=\"widget\" data-widget_type=\"heading.default\">\n\t\t\t\t<div class=\"elementor-widget-container\">\n\t\t\t<h2 class=\"elementor-heading-title elementor-size-default\">Kontaktdaten des Verantwortlichen:<\/h2>\t\t<\/div>\n\t\t\t\t<\/div>\n\t\t\t\t<div class=\"elementor-element elementor-element-19742a20 elementor-widget elementor-widget-text-editor\" data-id=\"19742a20\" data-element_type=\"widget\" data-widget_type=\"text-editor.default\">\n\t\t\t\t<div class=\"elementor-widget-container\">\n\t\t\t\t\t\t\t<p>E-mail: info@vitiligoliecba.sk<\/p>\n<p>Tel. kontakt: 0948 690 533<\/p>\n\t\t\t\t\t\t<\/div>\n\t\t\t\t<\/div>\n\t\t\t\t<div class=\"elementor-element elementor-element-5e018993 elementor-widget elementor-widget-heading\" data-id=\"5e018993\" data-element_type=\"widget\" data-widget_type=\"heading.default\">\n\t\t\t\t<div class=\"elementor-widget-container\">\n\t\t\t<h2 class=\"elementor-heading-title elementor-size-default\">I. Grunds\u00e4tze der Verarbeitung personenbezogener Daten<\/h2>\t\t<\/div>\n\t\t\t\t<\/div>\n\t\t\t\t<div class=\"elementor-element elementor-element-b505daa elementor-widget elementor-widget-text-editor\" data-id=\"b505daa\" data-element_type=\"widget\" data-widget_type=\"text-editor.default\">\n\t\t\t\t<div class=\"elementor-widget-container\">\n\t\t\t\t\t\t\t<p>Wir verarbeiten Ihre personenbezogenen Daten ausschlie\u00dflich f\u00fcr einen bestimmten Zweck, in einer bestimmten Art und Weise und nur f\u00fcr den Zeitraum, der f\u00fcr den Zweck ihrer Verarbeitung erforderlich ist. Wir verarbeiten Ihre personenbezogenen Daten so, dass ein unbefugter Zugriff auf Ihre personenbezogenen Daten, eine unbefugte \u00dcbertragung, ein Verlust, eine Zerst\u00f6rung oder eine andere unbefugte Verarbeitung verhindert wird. Bei der Verarbeitung Ihrer personenbezogenen Daten ergreifen wir technische und organisatorische Ma\u00dfnahmen, um ein H\u00f6chstma\u00df an Sicherheit im Hinblick auf alle m\u00f6glichen Risiken zu gew\u00e4hrleisten. Alle zur Verarbeitung Ihrer personenbezogenen Daten befugten Personen sind zur Verschwiegenheit \u00fcber die im Zusammenhang mit der Verarbeitung dieser personenbezogenen Daten erlangten Informationen verpflichtet.<\/p>\n\t\t\t\t\t\t<\/div>\n\t\t\t\t<\/div>\n\t\t\t\t<div class=\"elementor-element elementor-element-75eb91f9 elementor-widget elementor-widget-heading\" data-id=\"75eb91f9\" data-element_type=\"widget\" data-widget_type=\"heading.default\">\n\t\t\t\t<div class=\"elementor-widget-container\">\n\t\t\t<h2 class=\"elementor-heading-title elementor-size-default\">II. Welche personenbezogenen Daten verarbeiten wir?<\/h2>\t\t<\/div>\n\t\t\t\t<\/div>\n\t\t\t\t<div class=\"elementor-element elementor-element-3617b354 elementor-widget elementor-widget-text-editor\" data-id=\"3617b354\" data-element_type=\"widget\" data-widget_type=\"text-editor.default\">\n\t\t\t\t<div class=\"elementor-widget-container\">\n\t\t\t\t\t\t\t<p>Der Betreiber verarbeitet Ihre personenbezogenen Daten stets nach dem Minimierungsgrundsatz, um etwaige vertragliche und gesetzliche Anforderungen zu erf\u00fcllen, personenbezogene Daten zu verarbeiten, an deren Verarbeitung er ein berechtigtes Interesse hat oder um Ihre personenbezogenen Daten zu verarbeiten, falls Sie dies w\u00fcnschen Ihre Einwilligung zu deren Verarbeitung erteilen Sie stets nur in dem Umfang, in dem der angegebene Zweck der Verarbeitung erf\u00fcllt wird. Das bedeutet, dass der Betreiber keine personenbezogenen Daten von Ihnen ben\u00f6tigt, die f\u00fcr den konkreten Zweck der Verarbeitung nicht erforderlich sind.<\/p>\n<\/p>\n<p>Der Betreiber verarbeitet personenbezogene Daten \u00fcber Sie im Rahmen gew\u00f6hnlicher personenbezogener Daten wie: Vorname, Nachname, Mobiltelefonnummer, E-Mail, Kontaktadresse, Online-Identifikatoren (IP-Adresse, Aktivit\u00e4t auf der Website) und andere personenbezogene Daten Sie bieten.<\/p>\n\t\t\t\t\t\t<\/div>\n\t\t\t\t<\/div>\n\t\t\t\t<div class=\"elementor-element elementor-element-7ab50564 elementor-widget elementor-widget-heading\" data-id=\"7ab50564\" data-element_type=\"widget\" data-widget_type=\"heading.default\">\n\t\t\t\t<div class=\"elementor-widget-container\">\n\t\t\t<h2 class=\"elementor-heading-title elementor-size-default\">III. Zweck und Rechtsgrundlage der Verarbeitung Ihrer personenbezogenen Daten<\/h2>\t\t<\/div>\n\t\t\t\t<\/div>\n\t\t\t\t<div class=\"elementor-element elementor-element-60bcabb1 elementor-widget elementor-widget-text-editor\" data-id=\"60bcabb1\" data-element_type=\"widget\" data-widget_type=\"text-editor.default\">\n\t\t\t\t<div class=\"elementor-widget-container\">\n\t\t\t\t\t\t\t<p>Wir verarbeiten Ihre personenbezogenen Daten gem\u00e4\u00df Art. 6 Abs. 1 lit. f DSGVO. 6 Par. 1 Buchstabe b) Bestimmungen der DSGVO, d. h. die Verarbeitung Ihrer personenbezogenen Daten ist f\u00fcr die Vertragserf\u00fcllung bzw. f\u00fcr die Durchf\u00fchrung vorvertraglicher Ma\u00dfnahmen auf Wunsch des Betroffenen erforderlich.<\/p>\n<\/p>\n<p>Gem\u00e4\u00df der oben genannten Rechtsgrundlage verfahren wir bei der Entgegennahme und Bearbeitung von Bestellungen f\u00fcr erbrachte Dienstleistungen, wenn Sie Dienstleistungen \u00fcber eine \u00fcber das Kontaktformular auf unserer Website gesendete Nachricht, eine Nachricht in einem sozialen Netzwerk oder eine Kontaktaufnahme bestellen E-Mail-Adresse oder telefonisch, die wir Ihnen mitteilen. Die Dauer der Speicherung dieser personenbezogenen Daten betr\u00e4gt bis zur vollst\u00e4ndigen Abwicklung rechtlicher und sonstiger Anspr\u00fcche aus dem Vertragsverh\u00e4ltnis mindestens 3 Jahre ab Beendigung des Vertragsverh\u00e4ltnisses.<\/p>\n<\/p>\n<p>Wir verarbeiten Ihre personenbezogenen Daten gem\u00e4\u00df Art. 6 Abs. 1 lit. f DSGVO. 6 Par. 1 Buchstabe a) DSGVO, d. h. die Verarbeitung Ihrer personenbezogenen Daten erfolgt auf Grundlage Ihrer Einwilligung.<\/p>\n<\/p>\n<p>Nach Ma\u00dfgabe der oben genannten Rechtsgrundlage verfahren wir, wenn Sie uns mit Ihrem Anliegen \u00fcber eine Nachricht \u00fcber das auf unserer Website befindliche Kontaktformular oder \u00fcber eine Nachricht in einem sozialen Netzwerk kontaktieren. Die Speicherdauer dieser personenbezogenen Daten betr\u00e4gt 3 Monate ab dem Datum der Zustellung der Anfrage oder bis zur Bearbeitung, je nachdem, was zuerst eintritt.<\/p>\n<\/p>\n<p>Wir ben\u00f6tigen au\u00dferdem Ihre Zustimmung, um den Verkehr auf unserer Website zu messen und gezielte Werbung durch Analyse- und Marketing-Cookies zu schalten. Die Dauer der Speicherung dieser personenbezogenen Daten betr\u00e4gt bis zum Widerruf der Einwilligung durch die betroffene Person, maximal jedoch f\u00fcr die Dauer von 2 Jahren.<\/p>\n<\/p>\n<p>Wir verarbeiten Ihre personenbezogenen Daten zudem gem\u00e4\u00df Art. 6 Abs. 1 lit. f DSGVO. 6 Par. 1 Buchstabe c) DSGVO-Vorschriften, d. h. die Verarbeitung Ihrer personenbezogenen Daten ist zur Erf\u00fcllung rechtlicher Verpflichtungen erforderlich.<\/p>\n<\/p>\n<p>F\u00fcr den Fall, dass Sie uns eine Anfrage zukommen lassen oder Betroffenenrechte wahrnehmen, verfahren wir entsprechend der oben genannten Rechtsgrundlage. Die Speicherdauer dieser personenbezogenen Daten betr\u00e4gt bis zur Bearbeitung der Anfrage.<\/p>\n\t\t\t\t\t\t<\/div>\n\t\t\t\t<\/div>\n\t\t\t\t<div class=\"elementor-element elementor-element-785aab2e elementor-widget elementor-widget-heading\" data-id=\"785aab2e\" data-element_type=\"widget\" data-widget_type=\"heading.default\">\n\t\t\t\t<div class=\"elementor-widget-container\">\n\t\t\t<h2 class=\"elementor-heading-title elementor-size-default\">IV. Wer hat Zugriff auf Ihre personenbezogenen Daten?<\/h2>\t\t<\/div>\n\t\t\t\t<\/div>\n\t\t\t\t<div class=\"elementor-element elementor-element-5342e267 elementor-widget elementor-widget-text-editor\" data-id=\"5342e267\" data-element_type=\"widget\" data-widget_type=\"text-editor.default\">\n\t\t\t\t<div class=\"elementor-widget-container\">\n\t\t\t\t\t\t\t<p>In bestimmten F\u00e4llen ist der Betreiber verpflichtet, Ihre personenbezogenen Daten an \u00f6ffentliche Stellen oder andere Empf\u00e4nger weiterzugeben, die zur Verarbeitung Ihrer personenbezogenen Daten berechtigt sind. Zu diesen Empf\u00e4ngern geh\u00f6ren Gerichte oder Strafverfolgungsbeh\u00f6rden.<\/p>\n<\/p>\n<p>Weitere Empf\u00e4nger Ihrer personenbezogenen Daten sind Unternehmen, die soziale Netzwerke betreiben, wenn Sie den Betreiber \u00fcber eine Nachricht in einem sozialen Netzwerk kontaktieren (Facebook Inc.) und Google, LLC, Anbieter des Dienstes Google Analytics zur Messung des Datenverkehrs auf der Website des Betreibers.<\/p>\n<\/p>\n<p>Im Zusammenhang mit der Sicherstellung des ordnungsgem\u00e4\u00dfen Betriebs hat der Betreiber Kooperationsvertr\u00e4ge mit Vermittlern abgeschlossen. Vermittler, die mit Ihren personenbezogenen Daten in Kontakt kommen, wurden vom Betreiber so ausgew\u00e4hlt, dass Ihre personenbezogenen Daten sicher sind und dass diese Vermittler die in der DSGVO-Verordnung und im Gesetz geforderten Bedingungen f\u00fcr den Schutz personenbezogener Daten erf\u00fcllen. Wir haben mit Vermittlern Vertr\u00e4ge \u00fcber die Verarbeitung personenbezogener Daten, einschlie\u00dflich der Vertraulichkeit, abgeschlossen.<\/p>\n<\/p>\n<p>Vermittler sind Unternehmen und nat\u00fcrliche Personen \u2013 Unternehmer, mit denen der Betreiber zusammenarbeitet und die Dienstleistungen erbringen (Webhosting-Dienste, Buchhaltungsabwicklung), ein Unternehmen, das Online-Buchhaltungs- und Rechnungssoftware anbietet, ein Unternehmen, das einen Online-Cloud-Speicherdienst anbietet.<\/p>\n\t\t\t\t\t\t<\/div>\n\t\t\t\t<\/div>\n\t\t\t\t<div class=\"elementor-element elementor-element-4cb2d5cd elementor-widget elementor-widget-heading\" data-id=\"4cb2d5cd\" data-element_type=\"widget\" data-widget_type=\"heading.default\">\n\t\t\t\t<div class=\"elementor-widget-container\">\n\t\t\t<h2 class=\"elementor-heading-title elementor-size-default\">V. Wohin wir Ihre personenbezogenen Daten \u00fcbermitteln<\/h2>\t\t<\/div>\n\t\t\t\t<\/div>\n\t\t\t\t<div class=\"elementor-element elementor-element-45e77499 elementor-widget elementor-widget-text-editor\" data-id=\"45e77499\" data-element_type=\"widget\" data-widget_type=\"text-editor.default\">\n\t\t\t\t<div class=\"elementor-widget-container\">\n\t\t\t\t\t\t\t<p>Bei der Verarbeitung Ihrer personenbezogenen Daten durch den Betreiber kommt es in manchen F\u00e4llen zu einer \u00dcbermittlung Ihrer personenbezogenen Daten in Drittl\u00e4nder:<\/p>\n<\/p>\n<ol>\n<li>Wenn Sie der Speicherung analytischer Cookies zustimmen, werden Ihre personenbezogenen Daten in die USA an Google LLC \u00fcbermittelt, den Anbieter des Google Analytics-Dienstes, den der Betreiber zum Zweck der Messung des Datenverkehrs und der Aktivit\u00e4ten auf der Website verwendet Website des Betreibers,<\/li>\n<li>Wenn Sie \u00fcber eine Nachricht im sozialen Netzwerk Kontakt mit dem Betreiber aufnehmen, werden Ihre personenbezogenen Daten an die Facebook Inc. in den USA \u00fcbermittelt, die Betreiberin des sozialen Netzwerks Facebook ist.<\/li>\n<\/ol>\n<p>Die \u00dcbermittlung Ihrer personenbezogenen Daten wird in allen oben genannten F\u00e4llen durch Standardvertragsklauseln sichergestellt, die gem\u00e4\u00df den Nutzungsbedingungen der oben genannten Dienste Teil der mit den oben genannten Unternehmen geschlossenen Vertr\u00e4ge zur Genehmigung der Verarbeitung personenbezogener Daten sind.<\/p>\n\t\t\t\t\t\t<\/div>\n\t\t\t\t<\/div>\n\t\t\t\t<div class=\"elementor-element elementor-element-574d6ed9 elementor-widget elementor-widget-heading\" data-id=\"574d6ed9\" data-element_type=\"widget\" data-widget_type=\"heading.default\">\n\t\t\t\t<div class=\"elementor-widget-container\">\n\t\t\t<h2 class=\"elementor-heading-title elementor-size-default\">VI. Wie wir den Schutz Ihrer personenbezogenen Daten gew\u00e4hrleisten<\/h2>\t\t<\/div>\n\t\t\t\t<\/div>\n\t\t\t\t<div class=\"elementor-element elementor-element-7d96f0b5 elementor-widget elementor-widget-text-editor\" data-id=\"7d96f0b5\" data-element_type=\"widget\" data-widget_type=\"text-editor.default\">\n\t\t\t\t<div class=\"elementor-widget-container\">\n\t\t\t\t\t\t\t<p>Die Sicherheit Ihrer personenbezogenen Daten ist f\u00fcr uns von gr\u00f6\u00dfter Bedeutung. Um den Schutz Ihrer personenbezogenen Daten zu gew\u00e4hrleisten, haben wir die erforderlichen technischen und organisatorischen Ma\u00dfnahmen getroffen. Mit der Weiterentwicklung der Technologien verbessern wir auch diese Sicherheitssysteme, wir nutzen Virenpr\u00fcfungen, Antivirenprogramme und Firewalls.<\/p>\n<\/p>\n<p>Sollte es zuf\u00e4llig zu einem Hackerangriff auf unsere Systeme oder zu einem sonstigen Angriff auf unser System kommen oder es zu einem anderen Sicherheitsvorfall kommen und sogar die Gefahr eines Datenlecks und einer Beeintr\u00e4chtigung Ihrer Rechte besteht, werden Sie innerhalb von 72 Stunden \u00fcber die getroffenen Ma\u00dfnahmen informiert Gleichzeitig werden wir innerhalb derselben Frist auch die Aufsichtsbeh\u00f6rde im Bereich des Schutzes personenbezogener Daten in der Slowakischen Republik, das Amt f\u00fcr den Schutz personenbezogener Daten, informieren.<\/p>\n\t\t\t\t\t\t<\/div>\n\t\t\t\t<\/div>\n\t\t\t\t<div class=\"elementor-element elementor-element-563f2c01 elementor-widget elementor-widget-heading\" data-id=\"563f2c01\" data-element_type=\"widget\" data-widget_type=\"heading.default\">\n\t\t\t\t<div class=\"elementor-widget-container\">\n\t\t\t<h2 class=\"elementor-heading-title elementor-size-default\">VII. Belehrung \u00fcber die Rechte des Betroffenen<\/h2>\t\t<\/div>\n\t\t\t\t<\/div>\n\t\t\t\t<div class=\"elementor-element elementor-element-65b4ca9b elementor-widget elementor-widget-text-editor\" data-id=\"65b4ca9b\" data-element_type=\"widget\" data-widget_type=\"text-editor.default\">\n\t\t\t\t<div class=\"elementor-widget-container\">\n\t\t\t\t\t\t\t<p>Als betroffene Person, deren personenbezogene Daten vom Betreiber verarbeitet werden, haben Sie das Recht, \u00fcber alle oben genannten Tatsachen informiert zu werden, sowie dar\u00fcber, dass Ihnen folgende Rechte zustehen:<\/p>\n<p>a) das Recht, vom Betreiber Zugriff auf die personenbezogenen Daten zu verlangen, die er \u00fcber Sie verarbeitet<\/p>\n<p>Wenn Sie wissen m\u00f6chten, welche personenbezogenen Daten der Betreiber \u00fcber Sie verarbeitet, stellen wir Ihnen diese auf Anfrage gerne zur Verf\u00fcgung. Sie m\u00fcssen uns lediglich Ihre Anfrage per E-Mail senden: info@vitiligoliecba.sk und wir werden uns umgehend, sp\u00e4testens jedoch innerhalb von 30 Tagen nach Eingang Ihrer Anfrage, darum k\u00fcmmern.<\/p>\n<p>b) das Recht auf Berichtigung Ihrer personenbezogenen Daten<\/p>\n<p>F\u00fcr den Fall, dass die von Ihnen bereitgestellten Daten veraltet sind, ge\u00e4ndert wurden, Ungenauigkeiten enthalten oder unvollst\u00e4ndig sind, teilen Sie uns dies bitte unter unserer E-Mail-Adresse info@vitiligoliecba.sk mit. Wir werden dies dann tun werde es sofort beheben. Gleichzeitig informieren wir alle unsere Vermittler, die Ihre personenbezogenen Daten verarbeiten, \u00fcber diese \u00c4nderung, damit auch diese Ihre personenbezogenen Daten korrigieren k\u00f6nnen, und geben Ihnen auch eine R\u00fcckmeldung, dass diese Korrektur Ihrer personenbezogenen Daten stattgefunden hat.<\/p>\n<p>c) das Recht, Ihre personenbezogenen Daten zu l\u00f6schen<\/p>\n<p>Wenn Sie mit der Art und Weise, wie wir Ihre personenbezogenen Daten verarbeiten, nicht zufrieden sind, haben Sie das Recht, Ihre personenbezogenen Daten zu l\u00f6schen. Sie haben auch das Recht auf Vergessenwerden \u2013 das Recht auf L\u00f6schung der bereitgestellten personenbezogenen Daten, nachdem der Zweck ihrer Bereitstellung erreicht wurde, d. h. nach Erbringung der Vertragserf\u00fcllung, oder nach Ablauf ihrer vorgeschriebenen Aufbewahrungsfrist gem\u00e4\u00df den Sondervorschriften der Slowakischen Republik. Das Recht auf L\u00f6schung Ihrer personenbezogenen Daten besteht daher nicht uneingeschr\u00e4nkt. Sofern wir Ihre Daten zur Erf\u00fcllung unserer rechtlichen Verpflichtungen ben\u00f6tigen, m\u00fcssen wir diese zum Zwecke der Erf\u00fcllung unserer rechtlichen Verpflichtungen weiter verarbeiten. Wir verarbeiten oder speichern personenbezogene Daten, die ihren Zweck erf\u00fcllt haben, nicht mehr. Wir informieren Sie \u00fcber die L\u00f6schung Ihrer personenbezogenen Daten.<\/p>\n<p>d) das Recht, die Verarbeitung Ihrer personenbezogenen Daten einzuschr\u00e4nken<\/p>\n<p>Als betroffene Person haben Sie das Recht, die Einschr\u00e4nkung der Verarbeitung Ihrer personenbezogenen Daten zu verlangen, wenn Sie w\u00e4hrend der Dauer der \u00dcberpr\u00fcfung der Richtigkeit der Daten die Richtigkeit der personenbezogenen Daten bestreiten; oder wenn die Verarbeitung personenbezogener Daten rechtswidrig ist und Sie statt der L\u00f6schung die Einschr\u00e4nkung der Verarbeitung verlangen; und auch dann, wenn der Betreiber Ihre personenbezogenen Daten nicht zu dem von ihm angegebenen Zweck ben\u00f6tigt, Sie diese jedoch zu Beweiszwecken ben\u00f6tigen, oder Verteidigung Ihrer Rechtsanspr\u00fcche. Bei der Einschr\u00e4nkung der Verarbeitung personenbezogener Daten verbleiben Ihre Daten in unseren Systemen, wir werden sie jedoch nicht mehr f\u00fcr unsere Zwecke verwenden. Wir teilen Ihnen mit, dass wir die Verarbeitung Ihrer personenbezogenen Daten eingeschr\u00e4nkt haben.<\/p>\n<p>e) das Recht, der Verarbeitung Ihrer personenbezogenen Daten zu widersprechen<\/p>\n<p>Als betroffene Person haben Sie das Recht, der Verarbeitung Ihrer personenbezogenen Daten aus Gr\u00fcnden, die sich aus einer bestimmten Situation ergeben, gem\u00e4\u00df \u00a7 13 Abs. 1 DSGVO zu widersprechen. 1 Buchstabe e) oder f) einschlie\u00dflich Profiling auf Grundlage dieser Bestimmungen. F\u00fcr den Fall, dass Ihre Daten auf Grundlage eines berechtigten Interesses verarbeitet werden, ist der Betreiber verpflichtet nachzuweisen, dass sein berechtigtes Interesse an der Verarbeitung personenbezogener Daten die Rechte oder Interessen der betroffenen Person oder die Gr\u00fcnde f\u00fcr die Geltendmachung eines Rechtsanspruchs \u00fcberwiegen sie darf diese personenbezogenen Daten nicht weiter verarbeiten.<\/p>\n<p>f) das Recht auf \u00dcbertragbarkeit Ihrer personenbezogenen Daten<\/p>\n<p>Gleichzeitig haben Sie das Recht, die \u00dcbermittlung Ihrer personenbezogenen Daten an einen anderen Betreiber zu verlangen, dessen Daten Sie uns schriftlich mitteilen. Bei der \u00dcbermittlung einer E-Mail-Adresse ist es uns technisch m\u00f6glich, eine solche \u00dcbermittlung anderer Daten aufgrund der unterschiedlichen Zwecke ihrer Verarbeitung im Vergleich zur Verarbeitung einer E-Mail-Adresse durchzuf\u00fchren (vgl oben) werden Ihnen je nach den Umst\u00e4nden des Falles zur Verf\u00fcgung gestellt. Der Betreiber ist berechtigt, den Antrag der betroffenen Person auf Daten\u00fcbermittlung abzulehnen, wenn die beantragte \u00dcbermittlung nachteilige Auswirkungen auf die Rechte und Freiheiten anderer haben k\u00f6nnte und die gesetzlichen Voraussetzungen f\u00fcr die Verwirklichung des Rechts auf \u00dcbermittlung gem\u00e4\u00df der DSGVO-Verordnung nicht erf\u00fcllt sind .<\/p>\n\t\t\t\t\t\t<\/div>\n\t\t\t\t<\/div>\n\t\t\t\t<div class=\"elementor-element elementor-element-5355b453 elementor-widget elementor-widget-heading\" data-id=\"5355b453\" data-element_type=\"widget\" data-widget_type=\"heading.default\">\n\t\t\t\t<div class=\"elementor-widget-container\">\n\t\t\t<h2 class=\"elementor-heading-title elementor-size-default\">VIII. Wenn Sie nicht zufrieden sind<\/h2>\t\t<\/div>\n\t\t\t\t<\/div>\n\t\t\t\t<div class=\"elementor-element elementor-element-22ab4ad5 elementor-widget elementor-widget-text-editor\" data-id=\"22ab4ad5\" data-element_type=\"widget\" data-widget_type=\"text-editor.default\">\n\t\t\t\t<div class=\"elementor-widget-container\">\n\t\t\t\t\t\t\t<p>Wenn Sie mit der Art und Weise, wie wir Ihre personenbezogenen Daten verarbeiten, nicht zufrieden sind, k\u00f6nnen Sie uns dies per E-Mail unter info@vitiligoliecba.sk\u200bspan, <span style=\"color: rgb(0, 0, 0);\">&nbsp;<\/span> mitteilen. Sie haben auch die M\u00f6glichkeit, eine Beschwerde einzureichen, bzw einen Vorschlag zur Einleitung eines Verfahrens beim Amt f\u00fcr den Schutz personenbezogener Daten, wenn Sie der Meinung sind, dass wir Ihre personenbezogenen Daten illegal verarbeiten. Einen Mustervorschlag finden Sie auf der Website des Amtes f\u00fcr den Schutz personenbezogener Daten. Die Kontaktinformationen des Amtes f\u00fcr den Schutz personenbezogener Daten der Slowakischen Republik lauten wie folgt: Adresse Hrani\u010dn\u00e1 12, 820 07 Bratislava 27; Website: dataprotection.gov.sk, Tel. Nummer: 02 3231 3214; E-Mail: statny.dozor@pdp.gov.sk.<\/p>\n\t\t\t\t\t\t<\/div>\n\t\t\t\t<\/div>\n\t\t\t\t<div class=\"elementor-element elementor-element-3ee5f89d elementor-widget elementor-widget-heading\" data-id=\"3ee5f89d\" data-element_type=\"widget\" data-widget_type=\"heading.default\">\n\t\t\t\t<div class=\"elementor-widget-container\">\n\t\t\t<h2 class=\"elementor-heading-title elementor-size-default\">IX. Nutzt der Betreiber Profiling und automatisierte Entscheidungsfindung?<\/h2>\t\t<\/div>\n\t\t\t\t<\/div>\n\t\t\t\t<div class=\"elementor-element elementor-element-1f55f6bd elementor-widget elementor-widget-text-editor\" data-id=\"1f55f6bd\" data-element_type=\"widget\" data-widget_type=\"text-editor.default\">\n\t\t\t\t<div class=\"elementor-widget-container\">\n\t\t\t\t\t\t\t<p>Bei der Verarbeitung Ihrer personenbezogenen Daten setzt der Betreiber kein Profiling ein und verarbeitet personenbezogene Daten auch nicht im Rahmen einer automatisierten Einzelentscheidung, bei der Ihre pers\u00f6nlichen Aspekte ausgewertet w\u00fcrden.<\/p>\n\t\t\t\t\t\t<\/div>\n\t\t\t\t<\/div>\n\t\t\t\t<div class=\"elementor-element elementor-element-6f2707e6 elementor-widget elementor-widget-heading\" data-id=\"6f2707e6\" data-element_type=\"widget\" data-widget_type=\"heading.default\">\n\t\t\t\t<div class=\"elementor-widget-container\">\n\t\t\t<h2 class=\"elementor-heading-title elementor-size-default\">X. Betreiber als Vermittler, der personenbezogene Daten im Auftrag eines anderen Betreibers verarbeitet<\/h2>\t\t<\/div>\n\t\t\t\t<\/div>\n\t\t\t\t<div class=\"elementor-element elementor-element-5989a028 elementor-widget elementor-widget-text-editor\" data-id=\"5989a028\" data-element_type=\"widget\" data-widget_type=\"text-editor.default\">\n\t\t\t\t<div class=\"elementor-widget-container\">\n\t\t\t\t\t\t\t<p>Bei der Erbringung von Dienstleistungen f\u00fcr Kunden des Betreibers (im Folgenden \u201e<strong><em>Kunden<\/em><\/strong>\u201c genannt) kann der Betreiber personenbezogene Daten im Namen seiner Kunden verarbeiten. Bei der Verarbeitung personenbezogener Daten betroffener Personen im Auftrag von Kunden fungiert der Betreiber als Vermittler f\u00fcr die Verarbeitung personenbezogener Daten gem\u00e4\u00df Art. 4 Punkt 8. Bestimmungen der DSGVO, wobei der Betreiber, der die Zwecke und Mittel der Verarbeitung personenbezogener Daten festlegt, stets der Auftraggeber ist, wenn personenbezogene Daten durch den Betreiber als Vermittler verarbeitet werden.<\/p>\n<\/p>\n<p>Der Betreiber schlie\u00dft mit seinen Kunden eine Vereinbarung \u00fcber die Genehmigung der Verarbeitung personenbezogener Daten ab, in der die Bedingungen f\u00fcr die Verarbeitung personenbezogener Daten der betroffenen Personen durch den Betreiber als Vermittler im Auftrag seiner Kunden sowie die Pflichten zur Gew\u00e4hrleistung einer angemessenen Datenverarbeitung festgelegt werden Schutzniveau der verarbeiteten personenbezogenen Daten.<\/p>\n<\/p>\n<p>Die Zwecke, Rechtsgrundlagen, Umfang und Kreis der Empf\u00e4nger personenbezogener Daten, die der Betreiber als Vermittler im Auftrag von Kunden verarbeitet, werden von den Kunden bestimmt, w\u00e4hrend der Betreiber in F\u00e4llen, in denen er personenbezogene Daten der betroffenen Personen im Auftrag seiner Kunden verarbeitet, selbst bestimmt geht ausschlie\u00dflich nach den Anweisungen seiner Kunden und den einschl\u00e4gigen gesetzlichen Vorschriften vor, erf\u00fcllt seine Verpflichtungen als Vermittler gem\u00e4\u00df den Bestimmungen der DSGVO-Verordnung und des Gesetzes und f\u00fchrt keine anderen Verarbeitungsvorg\u00e4nge mit personenbezogenen Daten durch als diejenigen, die sich aus dem unterzeichneten Vertrag von ergeben Berechtigung zur Verarbeitung personenbezogener Daten und vom Kunden angegebene Verarbeitungszwecke.<\/p>\n\t\t\t\t\t\t<\/div>\n\t\t\t\t<\/div>\n\t\t\t\t<div class=\"elementor-element elementor-element-6be0ff06 elementor-widget elementor-widget-heading\" data-id=\"6be0ff06\" data-element_type=\"widget\" data-widget_type=\"heading.default\">\n\t\t\t\t<div class=\"elementor-widget-container\">\n\t\t\t<h2 class=\"elementor-heading-title elementor-size-default\">XI. Schlussbestimmungen<\/h2>\t\t<\/div>\n\t\t\t\t<\/div>\n\t\t\t\t<div class=\"elementor-element elementor-element-7d370114 elementor-widget elementor-widget-text-editor\" data-id=\"7d370114\" data-element_type=\"widget\" data-widget_type=\"text-editor.default\">\n\t\t\t\t<div class=\"elementor-widget-container\">\n\t\t\t\t\t\t\t<p>Diese aktualisierte Datenschutzerkl\u00e4rung ist ab dem 16. Juni 2021 g\u00fcltig und wirksam. Da die in dieser Richtlinie zum Schutz personenbezogener Daten enthaltenen Informationen \u00fcber die Verarbeitung personenbezogener Daten in Zukunft m\u00f6glicherweise erforderlich sind, ist der Betreiber berechtigt, diese Richtlinie zum Schutz personenbezogener Daten jederzeit zu \u00e4ndern und zu aktualisieren. In einem solchen Fall wird der Betreiber Sie entsprechend informieren.<\/p>\n\t\t\t\t\t\t<\/div>\n\t\t\t\t<\/div>\n\t\t\t\t\t<\/div>\n\t\t<\/div>\n\t\t\t\t\t<\/div>\n\t\t<\/section>\n\t\t\t\t<\/div>\n\t\t","protected":false},"excerpt":{"rendered":"<p>Privatsph\u00e4re Diese Richtlinien zum Schutz personenbezogener Daten enthalten Informationen \u00fcber die Verarbeitung personenbezogener Daten der betroffenen Personen durch den Betreiber der Website (im Folgenden \u201eBetreiber\u201c genannt), und zwar auf der Website www.vitiligoliecba.sk oder im Profil des Unternehmens in sozialen Netzwerken Netzwerke (im Folgenden \u201eWebsite\u201c genannt). Wir verarbeiten alle personenbezogenen Daten gem\u00e4\u00df der Verordnung des Europ\u00e4ischen [&hellip;]<\/p>\n","protected":false},"author":3,"featured_media":0,"parent":0,"menu_order":0,"comment_status":"closed","ping_status":"closed","template":"elementor_header_footer","meta":{"footnotes":""},"yoast_head":"<!-- This site is optimized with the Yoast SEO plugin v22.4 - https:\/\/yoast.com\/wordpress\/plugins\/seo\/ -->\n<title>Privatsph\u00e4re - Estetick\u00e9 \u0161t\u00fadio<\/title>\n<meta name=\"description\" content=\"Lesen Sie, wie wir mit personenbezogenen Daten umgehen und insbesondere wie wir diese sch\u00fctzen.\" \/>\n<meta name=\"robots\" content=\"index, follow, max-snippet:-1, max-image-preview:large, max-video-preview:-1\" \/>\n<link rel=\"canonical\" href=\"https:\/\/www.vitiligoliecba.sk\/de\/privatsphaere\/\" \/>\n<meta property=\"og:locale\" content=\"de_DE\" \/>\n<meta property=\"og:type\" content=\"article\" \/>\n<meta property=\"og:title\" content=\"Privatsph\u00e4re - Estetick\u00e9 \u0161t\u00fadio\" \/>\n<meta property=\"og:description\" content=\"Lesen Sie, wie wir mit personenbezogenen Daten umgehen und insbesondere wie wir diese sch\u00fctzen.\" \/>\n<meta property=\"og:url\" content=\"https:\/\/www.vitiligoliecba.sk\/de\/privatsphaere\/\" \/>\n<meta property=\"og:site_name\" content=\"Estetick\u00e9 \u0161t\u00fadio\" \/>\n<meta property=\"article:modified_time\" content=\"2024-04-07T19:06:46+00:00\" \/>\n<meta name=\"twitter:card\" content=\"summary_large_image\" \/>\n<meta name=\"twitter:label1\" content=\"Gesch\u00e4tzte Lesezeit\" \/>\n\t<meta name=\"twitter:data1\" content=\"12\u00a0Minuten\" \/>\n<script type=\"application\/ld+json\" class=\"yoast-schema-graph\">{\"@context\":\"https:\/\/schema.org\",\"@graph\":[{\"@type\":\"WebPage\",\"@id\":\"https:\/\/www.vitiligoliecba.sk\/de\/privatsphaere\/\",\"url\":\"https:\/\/www.vitiligoliecba.sk\/de\/privatsphaere\/\",\"name\":\"Privatsph\u00e4re - Estetick\u00e9 \u0161t\u00fadio\",\"isPartOf\":{\"@id\":\"https:\/\/www.vitiligoliecba.sk\/#website\"},\"datePublished\":\"2022-02-14T19:01:46+00:00\",\"dateModified\":\"2024-04-07T19:06:46+00:00\",\"description\":\"Lesen Sie, wie wir mit personenbezogenen Daten umgehen und insbesondere wie wir diese sch\u00fctzen.\",\"breadcrumb\":{\"@id\":\"https:\/\/www.vitiligoliecba.sk\/de\/privatsphaere\/#breadcrumb\"},\"inLanguage\":\"de\",\"potentialAction\":[{\"@type\":\"ReadAction\",\"target\":[\"https:\/\/www.vitiligoliecba.sk\/de\/privatsphaere\/\"]}]},{\"@type\":\"BreadcrumbList\",\"@id\":\"https:\/\/www.vitiligoliecba.sk\/de\/privatsphaere\/#breadcrumb\",\"itemListElement\":[{\"@type\":\"ListItem\",\"position\":1,\"name\":\"Home\",\"item\":\"https:\/\/www.vitiligoliecba.sk\/de\/\"},{\"@type\":\"ListItem\",\"position\":2,\"name\":\"Privatsph\u00e4re\"}]},{\"@type\":\"WebSite\",\"@id\":\"https:\/\/www.vitiligoliecba.sk\/#website\",\"url\":\"https:\/\/www.vitiligoliecba.sk\/\",\"name\":\"Estetick\u00e9 \u0161t\u00fadio\",\"description\":\"\",\"potentialAction\":[{\"@type\":\"SearchAction\",\"target\":{\"@type\":\"EntryPoint\",\"urlTemplate\":\"https:\/\/www.vitiligoliecba.sk\/?s={search_term_string}\"},\"query-input\":\"required name=search_term_string\"}],\"inLanguage\":\"de\"}]}<\/script>\n<!-- \/ Yoast SEO plugin. -->","yoast_head_json":{"title":"Privatsph\u00e4re - Estetick\u00e9 \u0161t\u00fadio","description":"Lesen Sie, wie wir mit personenbezogenen Daten umgehen und insbesondere wie wir diese sch\u00fctzen.","robots":{"index":"index","follow":"follow","max-snippet":"max-snippet:-1","max-image-preview":"max-image-preview:large","max-video-preview":"max-video-preview:-1"},"canonical":"https:\/\/www.vitiligoliecba.sk\/de\/privatsphaere\/","og_locale":"de_DE","og_type":"article","og_title":"Privatsph\u00e4re - Estetick\u00e9 \u0161t\u00fadio","og_description":"Lesen Sie, wie wir mit personenbezogenen Daten umgehen und insbesondere wie wir diese sch\u00fctzen.","og_url":"https:\/\/www.vitiligoliecba.sk\/de\/privatsphaere\/","og_site_name":"Estetick\u00e9 \u0161t\u00fadio","article_modified_time":"2024-04-07T19:06:46+00:00","twitter_card":"summary_large_image","twitter_misc":{"Gesch\u00e4tzte Lesezeit":"12\u00a0Minuten"},"schema":{"@context":"https:\/\/schema.org","@graph":[{"@type":"WebPage","@id":"https:\/\/www.vitiligoliecba.sk\/de\/privatsphaere\/","url":"https:\/\/www.vitiligoliecba.sk\/de\/privatsphaere\/","name":"Privatsph\u00e4re - Estetick\u00e9 \u0161t\u00fadio","isPartOf":{"@id":"https:\/\/www.vitiligoliecba.sk\/#website"},"datePublished":"2022-02-14T19:01:46+00:00","dateModified":"2024-04-07T19:06:46+00:00","description":"Lesen Sie, wie wir mit personenbezogenen Daten umgehen und insbesondere wie wir diese sch\u00fctzen.","breadcrumb":{"@id":"https:\/\/www.vitiligoliecba.sk\/de\/privatsphaere\/#breadcrumb"},"inLanguage":"de","potentialAction":[{"@type":"ReadAction","target":["https:\/\/www.vitiligoliecba.sk\/de\/privatsphaere\/"]}]},{"@type":"BreadcrumbList","@id":"https:\/\/www.vitiligoliecba.sk\/de\/privatsphaere\/#breadcrumb","itemListElement":[{"@type":"ListItem","position":1,"name":"Home","item":"https:\/\/www.vitiligoliecba.sk\/de\/"},{"@type":"ListItem","position":2,"name":"Privatsph\u00e4re"}]},{"@type":"WebSite","@id":"https:\/\/www.vitiligoliecba.sk\/#website","url":"https:\/\/www.vitiligoliecba.sk\/","name":"Estetick\u00e9 \u0161t\u00fadio","description":"","potentialAction":[{"@type":"SearchAction","target":{"@type":"EntryPoint","urlTemplate":"https:\/\/www.vitiligoliecba.sk\/?s={search_term_string}"},"query-input":"required name=search_term_string"}],"inLanguage":"de"}]}},"_links":{"self":[{"href":"https:\/\/www.vitiligoliecba.sk\/de\/wp-json\/wp\/v2\/pages\/934"}],"collection":[{"href":"https:\/\/www.vitiligoliecba.sk\/de\/wp-json\/wp\/v2\/pages"}],"about":[{"href":"https:\/\/www.vitiligoliecba.sk\/de\/wp-json\/wp\/v2\/types\/page"}],"author":[{"embeddable":true,"href":"https:\/\/www.vitiligoliecba.sk\/de\/wp-json\/wp\/v2\/users\/3"}],"replies":[{"embeddable":true,"href":"https:\/\/www.vitiligoliecba.sk\/de\/wp-json\/wp\/v2\/comments?post=934"}],"version-history":[{"count":3,"href":"https:\/\/www.vitiligoliecba.sk\/de\/wp-json\/wp\/v2\/pages\/934\/revisions"}],"predecessor-version":[{"id":937,"href":"https:\/\/www.vitiligoliecba.sk\/de\/wp-json\/wp\/v2\/pages\/934\/revisions\/937"}],"wp:attachment":[{"href":"https:\/\/www.vitiligoliecba.sk\/de\/wp-json\/wp\/v2\/media?parent=934"}],"curies":[{"name":"wp","href":"https:\/\/api.w.org\/{rel}","templated":true}]}}